{"id":30881,"date":"2026-08-26T13:41:10","date_gmt":"2026-08-26T13:41:10","guid":{"rendered":"https:\/\/kartellsp.com.br\/?post_type=product&#038;p=30881"},"modified":"2026-09-03T16:04:43","modified_gmt":"2026-09-03T16:04:43","slug":"lunam-sofa-curly","status":"publish","type":"product","link":"https:\/\/kartellsp.com.br\/pt\/shop\/sofas-e-pufes\/lunam-sofa-curly\/","title":{"rendered":"Lunam sof\u00e1 curly"},"content":{"rendered":"<p>A LUNAM \u00e9 uma encantadora cole\u00e7\u00e3o de m\u00f3veis para espa\u00e7os de conviv\u00eancia, inspirada na atmosfera on\u00edrica de uma paisagem lunar. Uma estrutura essencial em metal pintado sustenta se\u00e7\u00f5es estofadas de dimens\u00f5es generosas. Sof\u00e1, poltrona e pufe v\u00eam em tecido boucl\u00e9 macio ou mesclado (op\u00e7\u00e3o contract) nas cores Verde Oliva, Petr\u00f3leo, Terra de Siena e uma sele\u00e7\u00e3o de cinzas.<\/p>\n","protected":false},"excerpt":{"rendered":"<p>A LUNAM \u00e9 uma encantadora cole\u00e7\u00e3o de m\u00f3veis para espa\u00e7os de conviv\u00eancia, inspirada na atmosfera on\u00edrica de uma paisagem lunar. Uma estrutura essencial em metal pintado sustenta se\u00e7<\/p>\n","protected":false},"featured_media":30918,"comment_status":"open","ping_status":"closed","template":"","meta":[],"product_brand":[],"product_cat":[1699],"product_tag":[521,575],"class_list":["post-30881","product","type-product","status-publish","has-post-thumbnail","product_cat-sofas-e-pufes","product_tag-patricia-urquiola","product_tag-removable-cover","pa_color-acido-amarelo","pa_color-azul-petroleo","pa_color-branco","pa_color-laranja","pa_color-rosa","first","instock","shipping-taxable","purchasable","product-type-variable","has-default-attributes"],"yoast_head":"<!-- This site is optimized with the Yoast SEO plugin v28.4 - https:\/\/yoast.com\/product\/yoast-seo-wordpress\/ -->\n<title>Lunam sof\u00e1 curly - kartellsp.com.br<\/title>\n<meta name=\"robots\" content=\"index, follow, max-snippet:-1, max-image-preview:large, max-video-preview:-1\" \/>\n<link rel=\"canonical\" href=\"https:\/\/kartellsp.com.br\/pt\/shop\/sofas-pouf\/lunam-sofa-curly\/\" \/>\n<meta property=\"og:locale\" content=\"pt_BR\" \/>\n<meta property=\"og:type\" content=\"article\" \/>\n<meta property=\"og:title\" content=\"Lunam sof\u00e1 curly - kartellsp.com.br\" \/>\n<meta property=\"og:description\" content=\"A LUNAM \u00e9 uma encantadora cole\u00e7\u00e3o de m\u00f3veis para espa\u00e7os de conviv\u00eancia, inspirada na atmosfera on\u00edrica de uma paisagem lunar. Uma estrutura essencial em metal pintado sustenta se\u00e7\" \/>\n<meta property=\"og:url\" content=\"https:\/\/kartellsp.com.br\/pt\/shop\/sofas-pouf\/lunam-sofa-curly\/\" \/>\n<meta property=\"og:site_name\" content=\"kartellsp.com.br\" \/>\n<meta property=\"article:modified_time\" content=\"2026-09-03T16:04:43+00:00\" \/>\n<meta property=\"og:image\" content=\"https:\/\/kartellsp.com.br\/wp-content\/uploads\/2026\/08\/KAR06247C1.webp\" \/>\n\t<meta property=\"og:image:width\" content=\"940\" \/>\n\t<meta property=\"og:image:height\" content=\"1197\" \/>\n\t<meta property=\"og:image:type\" content=\"image\/webp\" \/>\n<meta name=\"twitter:card\" content=\"summary_large_image\" \/>\n<script type=\"application\/ld+json\" class=\"yoast-schema-graph\">{\"@context\":\"https:\\\/\\\/schema.org\",\"@graph\":[{\"@type\":\"WebPage\",\"@id\":\"https:\\\/\\\/kartellsp.com.br\\\/shop\\\/sofas-pouf\\\/lunam-sofa-curly\\\/\",\"url\":\"https:\\\/\\\/kartellsp.com.br\\\/shop\\\/sofas-pouf\\\/lunam-sofa-curly\\\/\",\"name\":\"Lunam sof\u00e1 curly - kartellsp.com.br\",\"isPartOf\":{\"@id\":\"https:\\\/\\\/kartellsp.com.br\\\/#website\"},\"primaryImageOfPage\":{\"@id\":\"https:\\\/\\\/kartellsp.com.br\\\/shop\\\/sofas-pouf\\\/lunam-sofa-curly\\\/#primaryimage\"},\"image\":{\"@id\":\"https:\\\/\\\/kartellsp.com.br\\\/shop\\\/sofas-pouf\\\/lunam-sofa-curly\\\/#primaryimage\"},\"thumbnailUrl\":\"https:\\\/\\\/kartellsp.com.br\\\/wp-content\\\/uploads\\\/2026\\\/08\\\/KAR06247C1.webp\",\"datePublished\":\"2026-08-26T13:41:10+00:00\",\"dateModified\":\"2026-09-03T16:04:43+00:00\",\"breadcrumb\":{\"@id\":\"https:\\\/\\\/kartellsp.com.br\\\/shop\\\/sofas-pouf\\\/lunam-sofa-curly\\\/#breadcrumb\"},\"inLanguage\":\"pt-BR\",\"potentialAction\":[{\"@type\":\"ReadAction\",\"target\":[\"https:\\\/\\\/kartellsp.com.br\\\/shop\\\/sofas-pouf\\\/lunam-sofa-curly\\\/\"]}]},{\"@type\":\"ImageObject\",\"inLanguage\":\"pt-BR\",\"@id\":\"https:\\\/\\\/kartellsp.com.br\\\/shop\\\/sofas-pouf\\\/lunam-sofa-curly\\\/#primaryimage\",\"url\":\"https:\\\/\\\/kartellsp.com.br\\\/wp-content\\\/uploads\\\/2026\\\/08\\\/KAR06247C1.webp\",\"contentUrl\":\"https:\\\/\\\/kartellsp.com.br\\\/wp-content\\\/uploads\\\/2026\\\/08\\\/KAR06247C1.webp\",\"width\":940,\"height\":1197},{\"@type\":\"BreadcrumbList\",\"@id\":\"https:\\\/\\\/kartellsp.com.br\\\/shop\\\/sofas-pouf\\\/lunam-sofa-curly\\\/#breadcrumb\",\"itemListElement\":[{\"@type\":\"ListItem\",\"position\":1,\"name\":\"Home\",\"item\":\"https:\\\/\\\/kartellsp.com.br\\\/\"},{\"@type\":\"ListItem\",\"position\":2,\"name\":\"Shop\",\"item\":\"https:\\\/\\\/kartellsp.com.br\\\/shop\\\/\"},{\"@type\":\"ListItem\",\"position\":3,\"name\":\"Lunam sof\u00e1 curly\"}]},{\"@type\":\"WebSite\",\"@id\":\"https:\\\/\\\/kartellsp.com.br\\\/#website\",\"url\":\"https:\\\/\\\/kartellsp.com.br\\\/\",\"name\":\"kartellsp.com.br\",\"description\":\"kartellsp.com.br\",\"potentialAction\":[{\"@type\":\"SearchAction\",\"target\":{\"@type\":\"EntryPoint\",\"urlTemplate\":\"https:\\\/\\\/kartellsp.com.br\\\/?s={search_term_string}\"},\"query-input\":{\"@type\":\"PropertyValueSpecification\",\"valueRequired\":true,\"valueName\":\"search_term_string\"}}],\"inLanguage\":\"pt-BR\"}]}<\/script>\n<!-- \/ Yoast SEO plugin. -->","yoast_head_json":{"title":"Lunam sof\u00e1 curly - kartellsp.com.br","robots":{"index":"index","follow":"follow","max-snippet":"max-snippet:-1","max-image-preview":"max-image-preview:large","max-video-preview":"max-video-preview:-1"},"canonical":"https:\/\/kartellsp.com.br\/pt\/shop\/sofas-pouf\/lunam-sofa-curly\/","og_locale":"pt_BR","og_type":"article","og_title":"Lunam sof\u00e1 curly - kartellsp.com.br","og_description":"A LUNAM \u00e9 uma encantadora cole\u00e7\u00e3o de m\u00f3veis para espa\u00e7os de conviv\u00eancia, inspirada na atmosfera on\u00edrica de uma paisagem lunar. Uma estrutura essencial em metal pintado sustenta se\u00e7","og_url":"https:\/\/kartellsp.com.br\/pt\/shop\/sofas-pouf\/lunam-sofa-curly\/","og_site_name":"kartellsp.com.br","article_modified_time":"2026-09-03T16:04:43+00:00","og_image":[{"width":940,"height":1197,"url":"https:\/\/kartellsp.com.br\/wp-content\/uploads\/2026\/08\/KAR06247C1.webp","type":"image\/webp"}],"twitter_card":"summary_large_image","schema":{"@context":"https:\/\/schema.org","@graph":[{"@type":"WebPage","@id":"https:\/\/kartellsp.com.br\/shop\/sofas-pouf\/lunam-sofa-curly\/","url":"https:\/\/kartellsp.com.br\/shop\/sofas-pouf\/lunam-sofa-curly\/","name":"Lunam sof\u00e1 curly - kartellsp.com.br","isPartOf":{"@id":"https:\/\/kartellsp.com.br\/#website"},"primaryImageOfPage":{"@id":"https:\/\/kartellsp.com.br\/shop\/sofas-pouf\/lunam-sofa-curly\/#primaryimage"},"image":{"@id":"https:\/\/kartellsp.com.br\/shop\/sofas-pouf\/lunam-sofa-curly\/#primaryimage"},"thumbnailUrl":"https:\/\/kartellsp.com.br\/wp-content\/uploads\/2026\/08\/KAR06247C1.webp","datePublished":"2026-08-26T13:41:10+00:00","dateModified":"2026-09-03T16:04:43+00:00","breadcrumb":{"@id":"https:\/\/kartellsp.com.br\/shop\/sofas-pouf\/lunam-sofa-curly\/#breadcrumb"},"inLanguage":"pt-BR","potentialAction":[{"@type":"ReadAction","target":["https:\/\/kartellsp.com.br\/shop\/sofas-pouf\/lunam-sofa-curly\/"]}]},{"@type":"ImageObject","inLanguage":"pt-BR","@id":"https:\/\/kartellsp.com.br\/shop\/sofas-pouf\/lunam-sofa-curly\/#primaryimage","url":"https:\/\/kartellsp.com.br\/wp-content\/uploads\/2026\/08\/KAR06247C1.webp","contentUrl":"https:\/\/kartellsp.com.br\/wp-content\/uploads\/2026\/08\/KAR06247C1.webp","width":940,"height":1197},{"@type":"BreadcrumbList","@id":"https:\/\/kartellsp.com.br\/shop\/sofas-pouf\/lunam-sofa-curly\/#breadcrumb","itemListElement":[{"@type":"ListItem","position":1,"name":"Home","item":"https:\/\/kartellsp.com.br\/"},{"@type":"ListItem","position":2,"name":"Shop","item":"https:\/\/kartellsp.com.br\/shop\/"},{"@type":"ListItem","position":3,"name":"Lunam sof\u00e1 curly"}]},{"@type":"WebSite","@id":"https:\/\/kartellsp.com.br\/#website","url":"https:\/\/kartellsp.com.br\/","name":"kartellsp.com.br","description":"kartellsp.com.br","potentialAction":[{"@type":"SearchAction","target":{"@type":"EntryPoint","urlTemplate":"https:\/\/kartellsp.com.br\/?s={search_term_string}"},"query-input":{"@type":"PropertyValueSpecification","valueRequired":true,"valueName":"search_term_string"}}],"inLanguage":"pt-BR"}]}},"_links":{"self":[{"href":"https:\/\/kartellsp.com.br\/pt\/wp-json\/wp\/v2\/product\/30881","targetHints":{"allow":["GET"]}}],"collection":[{"href":"https:\/\/kartellsp.com.br\/pt\/wp-json\/wp\/v2\/product"}],"about":[{"href":"https:\/\/kartellsp.com.br\/pt\/wp-json\/wp\/v2\/types\/product"}],"replies":[{"embeddable":true,"href":"https:\/\/kartellsp.com.br\/pt\/wp-json\/wp\/v2\/comments?post=30881"}],"version-history":[{"count":1,"href":"https:\/\/kartellsp.com.br\/pt\/wp-json\/wp\/v2\/product\/30881\/revisions"}],"predecessor-version":[{"id":37184,"href":"https:\/\/kartellsp.com.br\/pt\/wp-json\/wp\/v2\/product\/30881\/revisions\/37184"}],"wp:featuredmedia":[{"embeddable":true,"href":"https:\/\/kartellsp.com.br\/pt\/wp-json\/wp\/v2\/media\/30918"}],"wp:attachment":[{"href":"https:\/\/kartellsp.com.br\/pt\/wp-json\/wp\/v2\/media?parent=30881"}],"wp:term":[{"taxonomy":"product_brand","embeddable":true,"href":"https:\/\/kartellsp.com.br\/pt\/wp-json\/wp\/v2\/product_brand?post=30881"},{"taxonomy":"product_cat","embeddable":true,"href":"https:\/\/kartellsp.com.br\/pt\/wp-json\/wp\/v2\/product_cat?post=30881"},{"taxonomy":"product_tag","embeddable":true,"href":"https:\/\/kartellsp.com.br\/pt\/wp-json\/wp\/v2\/product_tag?post=30881"}],"curies":[{"name":"wp","href":"https:\/\/api.w.org\/{rel}","templated":true}]}}