{"id":31815,"date":"2026-08-26T13:54:04","date_gmt":"2026-08-26T13:54:04","guid":{"rendered":"https:\/\/kartellsp.com.br\/?post_type=product&#038;p=31815"},"modified":"2026-09-03T16:05:18","modified_gmt":"2026-09-03T16:05:18","slug":"cuscino-lunam-orsetto","status":"publish","type":"product","link":"https:\/\/kartellsp.com.br\/pt\/shop\/almofadas\/cuscino-lunam-orsetto\/","title":{"rendered":"Cuscino lunam orsetto"},"content":{"rendered":"<p>LUNAM \u00e9 uma encantadora cole\u00e7\u00e3o de mobili\u00e1rio para espa\u00e7os de conv\u00edvio, inspirada na atmosfera on\u00edrica de uma paisagem lunar. As almofadas v\u00eam em macio tecido boucl\u00e9 nas cores Olive Green, Petroleum, Siena Earth e uma sele\u00e7\u00e3o de cinzas.<\/p>\n","protected":false},"excerpt":{"rendered":"<p>LUNAM \u00e9 uma encantadora cole\u00e7\u00e3o de mobili\u00e1rio para espa\u00e7os de conv\u00edvio, inspirada na atmosfera on\u00edrica de uma paisagem lunar. As almofadas v\u00eam em macio tecido boucl\u00e9 nas cores Oliv<\/p>\n","protected":false},"featured_media":31854,"comment_status":"open","ping_status":"closed","template":"","meta":[],"product_brand":[],"product_cat":[1702],"product_tag":[521,575],"class_list":["post-31815","product","type-product","status-publish","has-post-thumbnail","product_cat-almofadas","product_tag-patricia-urquiola","product_tag-removable-cover","pa_color-azul","pa_color-branco","pa_color-cinza","pa_color-russet","pa_color-terracota-vermelho","pa_color-verde","first","instock","shipping-taxable","purchasable","product-type-variable","has-default-attributes"],"yoast_head":"<!-- This site is optimized with the Yoast SEO plugin v28.4 - https:\/\/yoast.com\/product\/yoast-seo-wordpress\/ -->\n<title>Cuscino lunam orsetto - kartellsp.com.br<\/title>\n<meta name=\"robots\" content=\"index, follow, max-snippet:-1, max-image-preview:large, max-video-preview:-1\" \/>\n<link rel=\"canonical\" href=\"https:\/\/kartellsp.com.br\/pt\/shop\/cushions\/cuscino-lunam-orsetto\/\" \/>\n<meta property=\"og:locale\" content=\"pt_BR\" \/>\n<meta property=\"og:type\" content=\"article\" \/>\n<meta property=\"og:title\" content=\"Cuscino lunam orsetto - kartellsp.com.br\" \/>\n<meta property=\"og:description\" content=\"LUNAM \u00e9 uma encantadora cole\u00e7\u00e3o de mobili\u00e1rio para espa\u00e7os de conv\u00edvio, inspirada na atmosfera on\u00edrica de uma paisagem lunar. As almofadas v\u00eam em macio tecido boucl\u00e9 nas cores Oliv\" \/>\n<meta property=\"og:url\" content=\"https:\/\/kartellsp.com.br\/pt\/shop\/cushions\/cuscino-lunam-orsetto\/\" \/>\n<meta property=\"og:site_name\" content=\"kartellsp.com.br\" \/>\n<meta property=\"article:modified_time\" content=\"2026-09-03T16:05:18+00:00\" \/>\n<meta property=\"og:image\" content=\"https:\/\/kartellsp.com.br\/wp-content\/uploads\/2026\/08\/KAR0717701.webp\" \/>\n\t<meta property=\"og:image:width\" content=\"940\" \/>\n\t<meta property=\"og:image:height\" content=\"1197\" \/>\n\t<meta property=\"og:image:type\" content=\"image\/webp\" \/>\n<meta name=\"twitter:card\" content=\"summary_large_image\" \/>\n<script type=\"application\/ld+json\" class=\"yoast-schema-graph\">{\"@context\":\"https:\\\/\\\/schema.org\",\"@graph\":[{\"@type\":\"WebPage\",\"@id\":\"https:\\\/\\\/kartellsp.com.br\\\/shop\\\/cushions\\\/cuscino-lunam-orsetto\\\/\",\"url\":\"https:\\\/\\\/kartellsp.com.br\\\/shop\\\/cushions\\\/cuscino-lunam-orsetto\\\/\",\"name\":\"Cuscino lunam orsetto - kartellsp.com.br\",\"isPartOf\":{\"@id\":\"https:\\\/\\\/kartellsp.com.br\\\/#website\"},\"primaryImageOfPage\":{\"@id\":\"https:\\\/\\\/kartellsp.com.br\\\/shop\\\/cushions\\\/cuscino-lunam-orsetto\\\/#primaryimage\"},\"image\":{\"@id\":\"https:\\\/\\\/kartellsp.com.br\\\/shop\\\/cushions\\\/cuscino-lunam-orsetto\\\/#primaryimage\"},\"thumbnailUrl\":\"https:\\\/\\\/kartellsp.com.br\\\/wp-content\\\/uploads\\\/2026\\\/08\\\/KAR0717701.webp\",\"datePublished\":\"2026-08-26T13:54:04+00:00\",\"dateModified\":\"2026-09-03T16:05:18+00:00\",\"breadcrumb\":{\"@id\":\"https:\\\/\\\/kartellsp.com.br\\\/shop\\\/cushions\\\/cuscino-lunam-orsetto\\\/#breadcrumb\"},\"inLanguage\":\"pt-BR\",\"potentialAction\":[{\"@type\":\"ReadAction\",\"target\":[\"https:\\\/\\\/kartellsp.com.br\\\/shop\\\/cushions\\\/cuscino-lunam-orsetto\\\/\"]}]},{\"@type\":\"ImageObject\",\"inLanguage\":\"pt-BR\",\"@id\":\"https:\\\/\\\/kartellsp.com.br\\\/shop\\\/cushions\\\/cuscino-lunam-orsetto\\\/#primaryimage\",\"url\":\"https:\\\/\\\/kartellsp.com.br\\\/wp-content\\\/uploads\\\/2026\\\/08\\\/KAR0717701.webp\",\"contentUrl\":\"https:\\\/\\\/kartellsp.com.br\\\/wp-content\\\/uploads\\\/2026\\\/08\\\/KAR0717701.webp\",\"width\":940,\"height\":1197},{\"@type\":\"BreadcrumbList\",\"@id\":\"https:\\\/\\\/kartellsp.com.br\\\/shop\\\/cushions\\\/cuscino-lunam-orsetto\\\/#breadcrumb\",\"itemListElement\":[{\"@type\":\"ListItem\",\"position\":1,\"name\":\"Home\",\"item\":\"https:\\\/\\\/kartellsp.com.br\\\/\"},{\"@type\":\"ListItem\",\"position\":2,\"name\":\"Shop\",\"item\":\"https:\\\/\\\/kartellsp.com.br\\\/shop\\\/\"},{\"@type\":\"ListItem\",\"position\":3,\"name\":\"Cuscino lunam orsetto\"}]},{\"@type\":\"WebSite\",\"@id\":\"https:\\\/\\\/kartellsp.com.br\\\/#website\",\"url\":\"https:\\\/\\\/kartellsp.com.br\\\/\",\"name\":\"kartellsp.com.br\",\"description\":\"kartellsp.com.br\",\"potentialAction\":[{\"@type\":\"SearchAction\",\"target\":{\"@type\":\"EntryPoint\",\"urlTemplate\":\"https:\\\/\\\/kartellsp.com.br\\\/?s={search_term_string}\"},\"query-input\":{\"@type\":\"PropertyValueSpecification\",\"valueRequired\":true,\"valueName\":\"search_term_string\"}}],\"inLanguage\":\"pt-BR\"}]}<\/script>\n<!-- \/ Yoast SEO plugin. -->","yoast_head_json":{"title":"Cuscino lunam orsetto - kartellsp.com.br","robots":{"index":"index","follow":"follow","max-snippet":"max-snippet:-1","max-image-preview":"max-image-preview:large","max-video-preview":"max-video-preview:-1"},"canonical":"https:\/\/kartellsp.com.br\/pt\/shop\/cushions\/cuscino-lunam-orsetto\/","og_locale":"pt_BR","og_type":"article","og_title":"Cuscino lunam orsetto - kartellsp.com.br","og_description":"LUNAM \u00e9 uma encantadora cole\u00e7\u00e3o de mobili\u00e1rio para espa\u00e7os de conv\u00edvio, inspirada na atmosfera on\u00edrica de uma paisagem lunar. As almofadas v\u00eam em macio tecido boucl\u00e9 nas cores Oliv","og_url":"https:\/\/kartellsp.com.br\/pt\/shop\/cushions\/cuscino-lunam-orsetto\/","og_site_name":"kartellsp.com.br","article_modified_time":"2026-09-03T16:05:18+00:00","og_image":[{"width":940,"height":1197,"url":"https:\/\/kartellsp.com.br\/wp-content\/uploads\/2026\/08\/KAR0717701.webp","type":"image\/webp"}],"twitter_card":"summary_large_image","schema":{"@context":"https:\/\/schema.org","@graph":[{"@type":"WebPage","@id":"https:\/\/kartellsp.com.br\/shop\/cushions\/cuscino-lunam-orsetto\/","url":"https:\/\/kartellsp.com.br\/shop\/cushions\/cuscino-lunam-orsetto\/","name":"Cuscino lunam orsetto - kartellsp.com.br","isPartOf":{"@id":"https:\/\/kartellsp.com.br\/#website"},"primaryImageOfPage":{"@id":"https:\/\/kartellsp.com.br\/shop\/cushions\/cuscino-lunam-orsetto\/#primaryimage"},"image":{"@id":"https:\/\/kartellsp.com.br\/shop\/cushions\/cuscino-lunam-orsetto\/#primaryimage"},"thumbnailUrl":"https:\/\/kartellsp.com.br\/wp-content\/uploads\/2026\/08\/KAR0717701.webp","datePublished":"2026-08-26T13:54:04+00:00","dateModified":"2026-09-03T16:05:18+00:00","breadcrumb":{"@id":"https:\/\/kartellsp.com.br\/shop\/cushions\/cuscino-lunam-orsetto\/#breadcrumb"},"inLanguage":"pt-BR","potentialAction":[{"@type":"ReadAction","target":["https:\/\/kartellsp.com.br\/shop\/cushions\/cuscino-lunam-orsetto\/"]}]},{"@type":"ImageObject","inLanguage":"pt-BR","@id":"https:\/\/kartellsp.com.br\/shop\/cushions\/cuscino-lunam-orsetto\/#primaryimage","url":"https:\/\/kartellsp.com.br\/wp-content\/uploads\/2026\/08\/KAR0717701.webp","contentUrl":"https:\/\/kartellsp.com.br\/wp-content\/uploads\/2026\/08\/KAR0717701.webp","width":940,"height":1197},{"@type":"BreadcrumbList","@id":"https:\/\/kartellsp.com.br\/shop\/cushions\/cuscino-lunam-orsetto\/#breadcrumb","itemListElement":[{"@type":"ListItem","position":1,"name":"Home","item":"https:\/\/kartellsp.com.br\/"},{"@type":"ListItem","position":2,"name":"Shop","item":"https:\/\/kartellsp.com.br\/shop\/"},{"@type":"ListItem","position":3,"name":"Cuscino lunam orsetto"}]},{"@type":"WebSite","@id":"https:\/\/kartellsp.com.br\/#website","url":"https:\/\/kartellsp.com.br\/","name":"kartellsp.com.br","description":"kartellsp.com.br","potentialAction":[{"@type":"SearchAction","target":{"@type":"EntryPoint","urlTemplate":"https:\/\/kartellsp.com.br\/?s={search_term_string}"},"query-input":{"@type":"PropertyValueSpecification","valueRequired":true,"valueName":"search_term_string"}}],"inLanguage":"pt-BR"}]}},"_links":{"self":[{"href":"https:\/\/kartellsp.com.br\/pt\/wp-json\/wp\/v2\/product\/31815","targetHints":{"allow":["GET"]}}],"collection":[{"href":"https:\/\/kartellsp.com.br\/pt\/wp-json\/wp\/v2\/product"}],"about":[{"href":"https:\/\/kartellsp.com.br\/pt\/wp-json\/wp\/v2\/types\/product"}],"replies":[{"embeddable":true,"href":"https:\/\/kartellsp.com.br\/pt\/wp-json\/wp\/v2\/comments?post=31815"}],"version-history":[{"count":1,"href":"https:\/\/kartellsp.com.br\/pt\/wp-json\/wp\/v2\/product\/31815\/revisions"}],"predecessor-version":[{"id":37247,"href":"https:\/\/kartellsp.com.br\/pt\/wp-json\/wp\/v2\/product\/31815\/revisions\/37247"}],"wp:featuredmedia":[{"embeddable":true,"href":"https:\/\/kartellsp.com.br\/pt\/wp-json\/wp\/v2\/media\/31854"}],"wp:attachment":[{"href":"https:\/\/kartellsp.com.br\/pt\/wp-json\/wp\/v2\/media?parent=31815"}],"wp:term":[{"taxonomy":"product_brand","embeddable":true,"href":"https:\/\/kartellsp.com.br\/pt\/wp-json\/wp\/v2\/product_brand?post=31815"},{"taxonomy":"product_cat","embeddable":true,"href":"https:\/\/kartellsp.com.br\/pt\/wp-json\/wp\/v2\/product_cat?post=31815"},{"taxonomy":"product_tag","embeddable":true,"href":"https:\/\/kartellsp.com.br\/pt\/wp-json\/wp\/v2\/product_tag?post=31815"}],"curies":[{"name":"wp","href":"https:\/\/api.w.org\/{rel}","templated":true}]}}